{"id":2,"date":"2018-05-24T12:21:36","date_gmt":"2018-05-24T10:21:36","guid":{"rendered":"http:\/\/cavaliere-vom-barockgarten.de\/wordpress\/?page_id=2"},"modified":"2018-10-24T10:24:44","modified_gmt":"2018-10-24T08:24:44","slug":"beispiel-seite","status":"publish","type":"page","link":"https:\/\/cavaliere-vom-barockgarten.de\/wordpress\/","title":{"rendered":"\u00dcber uns"},"content":{"rendered":"<blockquote><p>Gabriela Raab vom Barockgarten<sup>&reg;<\/sup><\/p><\/blockquote>\n<p>Wir leben in Baden-W\u00fcrttemberg im sch\u00f6nen Esslingen am Neckar (PLZ 73732) der stolzen ehemaligen Reichsstadt.<img decoding=\"async\" class=\" wp-image-259 alignleft\" src=\"http:\/\/cavaliere-vom-barockgarten.de\/wordpress\/wp-content\/uploads\/2018\/06\/bild067-75dpi-208x300.jpg\" alt=\"\" width=\"183\" height=\"264\" srcset=\"https:\/\/cavaliere-vom-barockgarten.de\/wordpress\/wp-content\/uploads\/2018\/06\/bild067-75dpi-208x300.jpg 208w, https:\/\/cavaliere-vom-barockgarten.de\/wordpress\/wp-content\/uploads\/2018\/06\/bild067-75dpi-768x1106.jpg 768w, https:\/\/cavaliere-vom-barockgarten.de\/wordpress\/wp-content\/uploads\/2018\/06\/bild067-75dpi-711x1024.jpg 711w, https:\/\/cavaliere-vom-barockgarten.de\/wordpress\/wp-content\/uploads\/2018\/06\/bild067-75dpi.jpg 1078w\" sizes=\"(max-width: 183px) 85vw, 183px\" \/><\/p>\n<p>Ich bin Hobby-Z\u00fcchterin von Cavalier-King-Charles-Spaniel<\/p>\n<p>Wir z\u00fcchten im VDH-FCI-VK<strong><em>\u00a0<\/em><\/strong><\/p>\n<p><img decoding=\"async\" class=\"alignnone wp-image-170\" src=\"https:\/\/cavaliere-vom-barockgarten.de\/wordpress\/wp-content\/uploads\/2018\/06\/vkbanner.jpg\" alt=\"\" width=\"529\" height=\"71\" \/> <img decoding=\"async\" class=\"alignnone wp-image-204 size-full\" src=\"https:\/\/cavaliere-vom-barockgarten.de\/wordpress\/wp-content\/uploads\/2018\/06\/FCI-BANNER.png\" alt=\"\" width=\"260\" height=\"66\" \/> <img loading=\"lazy\" decoding=\"async\" class=\"alignnone wp-image-172\" src=\"https:\/\/cavaliere-vom-barockgarten.de\/wordpress\/wp-content\/uploads\/2018\/06\/VDH_Logo.png\" alt=\"\" width=\"259\" height=\"66\" srcset=\"https:\/\/cavaliere-vom-barockgarten.de\/wordpress\/wp-content\/uploads\/2018\/06\/VDH_Logo.png 1314w, https:\/\/cavaliere-vom-barockgarten.de\/wordpress\/wp-content\/uploads\/2018\/06\/VDH_Logo-300x76.png 300w, https:\/\/cavaliere-vom-barockgarten.de\/wordpress\/wp-content\/uploads\/2018\/06\/VDH_Logo-768x196.png 768w, https:\/\/cavaliere-vom-barockgarten.de\/wordpress\/wp-content\/uploads\/2018\/06\/VDH_Logo-1024x261.png 1024w, https:\/\/cavaliere-vom-barockgarten.de\/wordpress\/wp-content\/uploads\/2018\/06\/VDH_Logo-1200x306.png 1200w\" sizes=\"(max-width: 259px) 85vw, 259px\" \/><\/p>\n<p>Ich z\u00fcchte Cavalier King Charles Spaniel in den Farben, Blenheim und Tricolour.<br \/>\nIch plane im Jahr einen bis zwei W\u00fcrfe.<\/p>\n<p>.<img loading=\"lazy\" decoding=\"async\" class=\"size-medium wp-image-256 alignleft\" src=\"https:\/\/cavaliere-vom-barockgarten.de\/wordpress\/wp-content\/uploads\/2018\/06\/25.06.2018-raab-IMG-20180624-WA0001-225x300.jpg\" alt=\"\" width=\"225\" height=\"300\" srcset=\"https:\/\/cavaliere-vom-barockgarten.de\/wordpress\/wp-content\/uploads\/2018\/06\/25.06.2018-raab-IMG-20180624-WA0001-225x300.jpg 225w, https:\/\/cavaliere-vom-barockgarten.de\/wordpress\/wp-content\/uploads\/2018\/06\/25.06.2018-raab-IMG-20180624-WA0001-768x1024.jpg 768w, https:\/\/cavaliere-vom-barockgarten.de\/wordpress\/wp-content\/uploads\/2018\/06\/25.06.2018-raab-IMG-20180624-WA0001.jpg 960w\" sizes=\"(max-width: 225px) 85vw, 225px\" \/><img loading=\"lazy\" decoding=\"async\" class=\"size-medium wp-image-269 alignnone\" src=\"https:\/\/cavaliere-vom-barockgarten.de\/wordpress\/wp-content\/uploads\/2018\/06\/raab-IMG-20180623-WA0007_fixed-burg-300x225.jpg\" alt=\"\" width=\"300\" height=\"225\" srcset=\"https:\/\/cavaliere-vom-barockgarten.de\/wordpress\/wp-content\/uploads\/2018\/06\/raab-IMG-20180623-WA0007_fixed-burg-300x225.jpg 300w, https:\/\/cavaliere-vom-barockgarten.de\/wordpress\/wp-content\/uploads\/2018\/06\/raab-IMG-20180623-WA0007_fixed-burg-768x576.jpg 768w, https:\/\/cavaliere-vom-barockgarten.de\/wordpress\/wp-content\/uploads\/2018\/06\/raab-IMG-20180623-WA0007_fixed-burg-1024x768.jpg 1024w, https:\/\/cavaliere-vom-barockgarten.de\/wordpress\/wp-content\/uploads\/2018\/06\/raab-IMG-20180623-WA0007_fixed-burg-1200x900.jpg 1200w, https:\/\/cavaliere-vom-barockgarten.de\/wordpress\/wp-content\/uploads\/2018\/06\/raab-IMG-20180623-WA0007_fixed-burg.jpg 1280w\" sizes=\"(max-width: 300px) 85vw, 300px\" \/><img loading=\"lazy\" decoding=\"async\" class=\"size-medium wp-image-270 alignright\" src=\"https:\/\/cavaliere-vom-barockgarten.de\/wordpress\/wp-content\/uploads\/2018\/06\/raab-IMG-20180623-WA0008-225x300.jpg\" alt=\"\" width=\"225\" height=\"300\" srcset=\"https:\/\/cavaliere-vom-barockgarten.de\/wordpress\/wp-content\/uploads\/2018\/06\/raab-IMG-20180623-WA0008-225x300.jpg 225w, https:\/\/cavaliere-vom-barockgarten.de\/wordpress\/wp-content\/uploads\/2018\/06\/raab-IMG-20180623-WA0008-768x1024.jpg 768w, https:\/\/cavaliere-vom-barockgarten.de\/wordpress\/wp-content\/uploads\/2018\/06\/raab-IMG-20180623-WA0008.jpg 960w\" sizes=\"(max-width: 225px) 85vw, 225px\" \/><\/p>\n<p>Blick von der Burg in die Ferne des Stadtgebiets mit dem Kirchturm der Frauenkirche<\/p>\n<p><a href=\"https:\/\/www.esslingen.de\/\">https:\/\/www.esslingen.de\/<\/a><\/p>\n\n<table id=\"tablepress-10\" class=\"tablepress tablepress-id-10\">\n<tbody class=\"row-striping\">\n<tr class=\"row-1\">\n\t<td class=\"column-1\"><a href=\"http:\/\/cavaliere-vom-barockgarten.de\/wordpress\/markenschutz\/\">Meine Marke \"vom Barockgarten<sup>&reg;<\/sup>\" \/ Markenschutz <\/a> in:<br \/>\n<font size=\"-2\">Klasse: 31-Tierzuchterzeugnisse; Hund. <br \/>\nKlasse: 35-Verkaufsf\u00f6rderung f\u00fcr Waren und Dienstleistungen von Dritten durch Werbung auf Internet-Seiten. <br \/>\nKlasse: 44-Tierzucht; Zuverf\u00fcgungstellen von Informationen in Bezug auf Tierzucht.<\/td>\n<\/tr>\n<tr class=\"row-2\">\n\t<td class=\"column-1\"><div class=\"rl-gallery-container rl-loading\" id=\"rl-gallery-container-1\" data-gallery_id=\"515\"> <div class=\"rl-gallery rl-basicgrid-gallery \" id=\"rl-gallery-1\" data-gallery_no=\"1\"> <div class=\"rl-gallery-item\"><a href=\"https:\/\/cavaliere-vom-barockgarten.de\/wordpress\/wp-content\/uploads\/2018\/10\/marke-1.jpg\" title=\"\" data-rl_title=\"\" class=\"rl-gallery-link\" data-rl_caption=\"\" data-rel=\"lightbox-gallery-1\"><img loading=\"lazy\" decoding=\"async\" src=\"https:\/\/cavaliere-vom-barockgarten.de\/wordpress\/wp-content\/uploads\/2018\/10\/marke-1-150x150.jpg\" width=\"150\" height=\"150\" alt=\"\" \/><span class=\"rl-gallery-caption\"><span class=\"rl-gallery-item-title\">Seite 1<\/span><\/span><\/a><\/div><div class=\"rl-gallery-item\"><a href=\"https:\/\/cavaliere-vom-barockgarten.de\/wordpress\/wp-content\/uploads\/2018\/10\/marke-2.jpg\" title=\"\" data-rl_title=\"\" class=\"rl-gallery-link\" data-rl_caption=\"\" data-rel=\"lightbox-gallery-1\"><img loading=\"lazy\" decoding=\"async\" src=\"https:\/\/cavaliere-vom-barockgarten.de\/wordpress\/wp-content\/uploads\/2018\/10\/marke-2-150x150.jpg\" width=\"150\" height=\"150\" alt=\"\" \/><span class=\"rl-gallery-caption\"><span class=\"rl-gallery-item-title\">Seite 2<\/span><\/span><\/a><\/div><div class=\"rl-gallery-item\"><a href=\"https:\/\/cavaliere-vom-barockgarten.de\/wordpress\/wp-content\/uploads\/2018\/10\/marke-3.jpg\" title=\"\" data-rl_title=\"\" class=\"rl-gallery-link\" data-rl_caption=\"\" data-rel=\"lightbox-gallery-1\"><img loading=\"lazy\" decoding=\"async\" src=\"https:\/\/cavaliere-vom-barockgarten.de\/wordpress\/wp-content\/uploads\/2018\/10\/marke-3-150x150.jpg\" width=\"150\" height=\"150\" alt=\"\" \/><span class=\"rl-gallery-caption\"><span class=\"rl-gallery-item-title\">Seite 3<\/span><\/span><\/a><\/div><div class=\"rl-gallery-item\"><a href=\"https:\/\/cavaliere-vom-barockgarten.de\/wordpress\/wp-content\/uploads\/2018\/10\/marke-4.jpg\" title=\"\" data-rl_title=\"\" class=\"rl-gallery-link\" data-rl_caption=\"\" data-rel=\"lightbox-gallery-1\"><img loading=\"lazy\" decoding=\"async\" src=\"https:\/\/cavaliere-vom-barockgarten.de\/wordpress\/wp-content\/uploads\/2018\/10\/marke-4-150x150.jpg\" width=\"150\" height=\"150\" alt=\"\" \/><span class=\"rl-gallery-caption\"><span class=\"rl-gallery-item-title\">Seite 4<\/span><\/span><\/a><\/div> <\/div> <\/div><\/td>\n<\/tr>\n<\/tbody>\n<\/table>\n<!-- #tablepress-10 from cache -->\n","protected":false},"excerpt":{"rendered":"<p>Gabriela Raab vom Barockgarten&reg; Wir leben in Baden-W\u00fcrttemberg im sch\u00f6nen Esslingen am Neckar (PLZ 73732) der stolzen ehemaligen Reichsstadt. Ich bin Hobby-Z\u00fcchterin von Cavalier-King-Charles-Spaniel Wir z\u00fcchten im VDH-FCI-VK\u00a0 Ich z\u00fcchte Cavalier King Charles Spaniel in den Farben, Blenheim und Tricolour. Ich plane im Jahr einen bis zwei W\u00fcrfe. . Blick von der Burg in die &hellip; <a href=\"https:\/\/cavaliere-vom-barockgarten.de\/wordpress\/\" class=\"more-link\"><span class=\"screen-reader-text\">\u201e\u00dcber uns\u201c<\/span> weiterlesen<\/a><\/p>\n","protected":false},"author":1,"featured_media":0,"parent":0,"menu_order":0,"comment_status":"closed","ping_status":"closed","template":"","meta":{"footnotes":""},"class_list":["post-2","page","type-page","status-publish","hentry"],"_links":{"self":[{"href":"https:\/\/cavaliere-vom-barockgarten.de\/wordpress\/wp-json\/wp\/v2\/pages\/2","targetHints":{"allow":["GET"]}}],"collection":[{"href":"https:\/\/cavaliere-vom-barockgarten.de\/wordpress\/wp-json\/wp\/v2\/pages"}],"about":[{"href":"https:\/\/cavaliere-vom-barockgarten.de\/wordpress\/wp-json\/wp\/v2\/types\/page"}],"author":[{"embeddable":true,"href":"https:\/\/cavaliere-vom-barockgarten.de\/wordpress\/wp-json\/wp\/v2\/users\/1"}],"replies":[{"embeddable":true,"href":"https:\/\/cavaliere-vom-barockgarten.de\/wordpress\/wp-json\/wp\/v2\/comments?post=2"}],"version-history":[{"count":28,"href":"https:\/\/cavaliere-vom-barockgarten.de\/wordpress\/wp-json\/wp\/v2\/pages\/2\/revisions"}],"predecessor-version":[{"id":535,"href":"https:\/\/cavaliere-vom-barockgarten.de\/wordpress\/wp-json\/wp\/v2\/pages\/2\/revisions\/535"}],"wp:attachment":[{"href":"https:\/\/cavaliere-vom-barockgarten.de\/wordpress\/wp-json\/wp\/v2\/media?parent=2"}],"curies":[{"name":"wp","href":"https:\/\/api.w.org\/{rel}","templated":true}]}}